{"id":19792,"date":"2024-06-03T18:41:13","date_gmt":"2024-06-03T16:41:13","guid":{"rendered":"https:\/\/cerdanyolach.cat\/hockey\/?page_id=19792"},"modified":"2024-06-04T15:35:59","modified_gmt":"2024-06-04T13:35:59","slug":"plantilla","status":"publish","type":"page","link":"https:\/\/cerdanyolach.cat\/hockey\/plantilla\/","title":{"rendered":"Plantilla"},"content":{"rendered":"<div class=\"wp-block-image\">\n<figure class=\"alignleft size-full is-resized\"><img fetchpriority=\"high\" decoding=\"async\" width=\"1000\" height=\"620\" src=\"https:\/\/cerdanyolach.cat\/hockey\/wp-content\/uploads\/2024\/06\/FOTO-TMEPORADA.png\" alt=\"\" class=\"wp-image-19796\" style=\"width:800px\" srcset=\"https:\/\/cerdanyolach.cat\/hockey\/wp-content\/uploads\/2024\/06\/FOTO-TMEPORADA.png 1000w, https:\/\/cerdanyolach.cat\/hockey\/wp-content\/uploads\/2024\/06\/FOTO-TMEPORADA-450x279.png 450w, https:\/\/cerdanyolach.cat\/hockey\/wp-content\/uploads\/2024\/06\/FOTO-TMEPORADA-800x496.png 800w, https:\/\/cerdanyolach.cat\/hockey\/wp-content\/uploads\/2024\/06\/FOTO-TMEPORADA-768x476.png 768w\" sizes=\"(max-width: 1000px) 100vw, 1000px\" \/><figcaption class=\"wp-element-caption\"><strong>JUGADORES<\/strong>:<br \/>Gemma Sol\u00e9, Paula Ferr\u00f3n, J\u00falia Birbe, Laura Valverde, Sigrid Aparicio,<br \/>Gore Paredes, Carla Castro, Ana Valverde i J\u00falia Vilarrasa<\/figcaption><\/figure>\n<\/div>\n\n\n\n<div class=\"wp-block-image\">\n<figure class=\"alignleft size-full is-resized\"><a href=\"https:\/\/cerdanyolach.cat\/hockey\/wp-content\/uploads\/2024\/06\/FOTO-PER-JUGADORS-A-LA-WEB-12.png\" rel=\"lightbox[19792]\"><img decoding=\"async\" width=\"200\" height=\"260\" src=\"https:\/\/cerdanyolach.cat\/hockey\/wp-content\/uploads\/2024\/06\/FOTO-PER-JUGADORS-A-LA-WEB-12.png\" alt=\"\" class=\"wp-image-19829\" style=\"object-fit:cover;width:200px;height:260px\"\/><\/a><figcaption class=\"wp-element-caption\">Estela Rubio<\/figcaption><\/figure>\n<\/div>\n\n<div class=\"wp-block-image\">\n<figure class=\"alignleft size-full is-resized\"><a href=\"https:\/\/cerdanyolach.cat\/hockey\/wp-content\/uploads\/2024\/06\/FOTO-PER-JUGADORS-A-LA-WEB-10.png\" rel=\"lightbox[19792]\"><img decoding=\"async\" width=\"200\" height=\"260\" src=\"https:\/\/cerdanyolach.cat\/hockey\/wp-content\/uploads\/2024\/06\/FOTO-PER-JUGADORS-A-LA-WEB-10.png\" alt=\"\" class=\"wp-image-19813\" style=\"object-fit:cover;width:200px;height:260px\"\/><\/a><figcaption class=\"wp-element-caption\">#07 Paula Ferr\u00f3n<\/figcaption><\/figure>\n<\/div>\n\n<div class=\"wp-block-image\">\n<figure class=\"alignleft size-full is-resized\"><a href=\"https:\/\/cerdanyolach.cat\/hockey\/wp-content\/uploads\/2024\/06\/FOTO-PER-JUGADORS-A-LA-WEB-11.png\" rel=\"lightbox[19792]\"><img loading=\"lazy\" decoding=\"async\" width=\"200\" height=\"260\" src=\"https:\/\/cerdanyolach.cat\/hockey\/wp-content\/uploads\/2024\/06\/FOTO-PER-JUGADORS-A-LA-WEB-11.png\" alt=\"\" class=\"wp-image-19815\" style=\"object-fit:cover;width:200px;height:260px\"\/><\/a><figcaption class=\"wp-element-caption\">#13 Gemma Sol\u00e9<\/figcaption><\/figure>\n<\/div>\n\n<div class=\"wp-block-image\">\n<figure class=\"alignleft size-full is-resized\"><a href=\"https:\/\/cerdanyolach.cat\/hockey\/wp-content\/uploads\/2024\/06\/Captura-de-pantalla-2024-06-04-153216-1.png\" rel=\"lightbox[19792]\"><img loading=\"lazy\" decoding=\"async\" width=\"145\" height=\"189\" src=\"https:\/\/cerdanyolach.cat\/hockey\/wp-content\/uploads\/2024\/06\/Captura-de-pantalla-2024-06-04-153216-1.png\" alt=\"\" class=\"wp-image-19967\" style=\"object-fit:cover;width:200px;height:260px\"\/><\/a><figcaption class=\"wp-element-caption\">#14 Sigrid Aparicio<\/figcaption><\/figure>\n<\/div>\n\n<div class=\"wp-block-image\">\n<figure class=\"alignleft size-full is-resized\"><a href=\"https:\/\/cerdanyolach.cat\/hockey\/wp-content\/uploads\/2024\/06\/FOTO-PER-JUGADORS-A-LA-WEB-9.png\" rel=\"lightbox[19792]\"><img loading=\"lazy\" decoding=\"async\" width=\"200\" height=\"260\" src=\"https:\/\/cerdanyolach.cat\/hockey\/wp-content\/uploads\/2024\/06\/FOTO-PER-JUGADORS-A-LA-WEB-9.png\" alt=\"\" class=\"wp-image-19812\" style=\"aspect-ratio:0.7692307692307693;object-fit:cover;width:200px;height:auto\"\/><\/a><figcaption class=\"wp-element-caption\">#22 Laura Valverde<\/figcaption><\/figure>\n<\/div>\n\n<div class=\"wp-block-image\">\n<figure class=\"alignleft size-full is-resized\"><a href=\"https:\/\/cerdanyolach.cat\/hockey\/wp-content\/uploads\/2024\/06\/IMG_5407-Photoroom.png\" rel=\"lightbox[19792]\"><img loading=\"lazy\" decoding=\"async\" width=\"200\" height=\"260\" src=\"https:\/\/cerdanyolach.cat\/hockey\/wp-content\/uploads\/2024\/06\/IMG_5407-Photoroom.png\" alt=\"\" class=\"wp-image-19965\" style=\"object-fit:cover;width:200px;height:260px\"\/><\/a><figcaption class=\"wp-element-caption\">#22 Ana Valverde<\/figcaption><\/figure>\n<\/div>\n\n<div class=\"wp-block-image\">\n<figure class=\"alignleft size-full is-resized\"><a href=\"https:\/\/cerdanyolach.cat\/hockey\/wp-content\/uploads\/2024\/06\/Captura-de-pantalla-2024-06-03-221119-2.png\" rel=\"lightbox[19792]\"><img loading=\"lazy\" decoding=\"async\" width=\"146\" height=\"188\" src=\"https:\/\/cerdanyolach.cat\/hockey\/wp-content\/uploads\/2024\/06\/Captura-de-pantalla-2024-06-03-221119-2.png\" alt=\"\" class=\"wp-image-19819\" style=\"object-fit:cover;width:200px;height:260px\"\/><\/a><figcaption class=\"wp-element-caption\">#26 Ariadna Carri\u00f3n<\/figcaption><\/figure>\n<\/div>\n\n<div class=\"wp-block-image\">\n<figure class=\"alignleft size-full is-resized\"><a href=\"https:\/\/cerdanyolach.cat\/hockey\/wp-content\/uploads\/2024\/06\/Captura-de-pantalla-2024-06-03-222918-2.png\" rel=\"lightbox[19792]\"><img loading=\"lazy\" decoding=\"async\" width=\"145\" height=\"182\" src=\"https:\/\/cerdanyolach.cat\/hockey\/wp-content\/uploads\/2024\/06\/Captura-de-pantalla-2024-06-03-222918-2.png\" alt=\"\" class=\"wp-image-19825\" style=\"object-fit:cover;width:200px;height:260px\"\/><\/a><figcaption class=\"wp-element-caption\">#32 J\u00falia Birbe<\/figcaption><\/figure>\n<\/div>\n\n<div class=\"wp-block-image\">\n<figure class=\"alignleft size-full is-resized\"><a href=\"https:\/\/cerdanyolach.cat\/hockey\/wp-content\/uploads\/2024\/06\/Captura-de-pantalla-2024-06-04-153342.png\" rel=\"lightbox[19792]\"><img loading=\"lazy\" decoding=\"async\" width=\"147\" height=\"173\" src=\"https:\/\/cerdanyolach.cat\/hockey\/wp-content\/uploads\/2024\/06\/Captura-de-pantalla-2024-06-04-153342.png\" alt=\"\" class=\"wp-image-19968\" style=\"object-fit:cover;width:200px;height:260px\"\/><\/a><figcaption class=\"wp-element-caption\">#44 Ines Gaiveu<\/figcaption><\/figure>\n<\/div>\n\n<div class=\"wp-block-image\">\n<figure class=\"alignleft size-full is-resized\"><a href=\"https:\/\/cerdanyolach.cat\/hockey\/wp-content\/uploads\/2024\/06\/edit.png\" rel=\"lightbox[19792]\"><img loading=\"lazy\" decoding=\"async\" width=\"200\" height=\"260\" src=\"https:\/\/cerdanyolach.cat\/hockey\/wp-content\/uploads\/2024\/06\/edit.png\" alt=\"\" class=\"wp-image-19964\" style=\"object-fit:cover;width:200px;height:260px\"\/><\/a><figcaption class=\"wp-element-caption\">#68 Carla Castro<\/figcaption><\/figure>\n<\/div>\n\n\n\n","protected":false},"excerpt":{"rendered":"","protected":false},"author":1,"featured_media":0,"parent":0,"menu_order":0,"comment_status":"closed","ping_status":"closed","template":"","meta":{"spay_email":"","footnotes":""},"class_list":["post-19792","page","type-page","status-publish","hentry"],"_links":{"self":[{"href":"https:\/\/cerdanyolach.cat\/hockey\/wp-json\/wp\/v2\/pages\/19792","targetHints":{"allow":["GET"]}}],"collection":[{"href":"https:\/\/cerdanyolach.cat\/hockey\/wp-json\/wp\/v2\/pages"}],"about":[{"href":"https:\/\/cerdanyolach.cat\/hockey\/wp-json\/wp\/v2\/types\/page"}],"author":[{"embeddable":true,"href":"https:\/\/cerdanyolach.cat\/hockey\/wp-json\/wp\/v2\/users\/1"}],"replies":[{"embeddable":true,"href":"https:\/\/cerdanyolach.cat\/hockey\/wp-json\/wp\/v2\/comments?post=19792"}],"version-history":[{"count":9,"href":"https:\/\/cerdanyolach.cat\/hockey\/wp-json\/wp\/v2\/pages\/19792\/revisions"}],"predecessor-version":[{"id":19970,"href":"https:\/\/cerdanyolach.cat\/hockey\/wp-json\/wp\/v2\/pages\/19792\/revisions\/19970"}],"wp:attachment":[{"href":"https:\/\/cerdanyolach.cat\/hockey\/wp-json\/wp\/v2\/media?parent=19792"}],"curies":[{"name":"wp","href":"https:\/\/api.w.org\/{rel}","templated":true}]}}