{"id":19729,"date":"2024-06-03T17:50:35","date_gmt":"2024-06-03T15:50:35","guid":{"rendered":"https:\/\/cerdanyolach.cat\/hockey\/?page_id=19729"},"modified":"2024-06-11T14:46:48","modified_gmt":"2024-06-11T12:46:48","slug":"equip-ok-lliga-plata-2023-24","status":"publish","type":"page","link":"https:\/\/cerdanyolach.cat\/hockey\/equip-ok-lliga-plata-2023-24\/","title":{"rendered":"Plantilla"},"content":{"rendered":"<div class=\"wp-block-image\">\n<figure class=\"alignleft size-full is-resized\"><img fetchpriority=\"high\" decoding=\"async\" width=\"800\" height=\"533\" src=\"https:\/\/cerdanyolach.cat\/hockey\/wp-content\/uploads\/2021\/03\/PHOTO-2024-04-30-08-34-50.jpg\" alt=\"\" class=\"wp-image-19606\" style=\"width:800px\" srcset=\"https:\/\/cerdanyolach.cat\/hockey\/wp-content\/uploads\/2021\/03\/PHOTO-2024-04-30-08-34-50.jpg 800w, https:\/\/cerdanyolach.cat\/hockey\/wp-content\/uploads\/2021\/03\/PHOTO-2024-04-30-08-34-50-450x300.jpg 450w, https:\/\/cerdanyolach.cat\/hockey\/wp-content\/uploads\/2021\/03\/PHOTO-2024-04-30-08-34-50-150x100.jpg 150w, https:\/\/cerdanyolach.cat\/hockey\/wp-content\/uploads\/2021\/03\/PHOTO-2024-04-30-08-34-50-768x512.jpg 768w, https:\/\/cerdanyolach.cat\/hockey\/wp-content\/uploads\/2021\/03\/PHOTO-2024-04-30-08-34-50-360x240.jpg 360w\" sizes=\"(max-width: 800px) 100vw, 800px\" \/><figcaption class=\"wp-element-caption\"><strong>JUGADORS:<\/strong><br \/>Ignasi L\u00f3pez, Marc Ram\u00edrez, Marc Coy, Guillermo de Moya, \u00c1lvaro Gim\u00e9nez<br \/>Erik Gual, Gerard P\u00e9rez (Ninu), David Mart\u00ednez, Dar\u00edo Tapia i David Ram\u00edrez<\/figcaption><\/figure>\n<\/div>\n\n\n\n<div class=\"wp-block-image\">\n<figure class=\"alignleft size-full is-resized\"><a href=\"https:\/\/cerdanyolach.cat\/hockey\/wp-content\/uploads\/2024\/06\/FOTO-PER-JUGADORS-A-LA-WEB.png\" rel=\"lightbox[19729]\"><img decoding=\"async\" width=\"200\" height=\"260\" src=\"https:\/\/cerdanyolach.cat\/hockey\/wp-content\/uploads\/2024\/06\/FOTO-PER-JUGADORS-A-LA-WEB.png\" alt=\"\" class=\"wp-image-19765\" style=\"object-fit:cover;width:200px;height:260px\"\/><\/a><figcaption class=\"wp-element-caption\">#01 Gerard P\u00e9rez &#8220;Ninu&#8221;<\/figcaption><\/figure>\n<\/div>\n\n<div class=\"wp-block-image\">\n<figure class=\"alignleft size-full is-resized\"><a href=\"https:\/\/cerdanyolach.cat\/hockey\/wp-content\/uploads\/2024\/06\/FOTO-PER-JUGADORS-A-LA-WEB-2.png\" rel=\"lightbox[19729]\"><img decoding=\"async\" width=\"200\" height=\"260\" src=\"https:\/\/cerdanyolach.cat\/hockey\/wp-content\/uploads\/2024\/06\/FOTO-PER-JUGADORS-A-LA-WEB-2.png\" alt=\"\" class=\"wp-image-19767\" style=\"object-fit:cover;width:200px;height:260px\"\/><\/a><figcaption class=\"wp-element-caption\">#23 Marc Coy Grau <\/figcaption><\/figure>\n<\/div>\n\n<div class=\"wp-block-image\">\n<figure class=\"alignleft size-full is-resized\"><a href=\"https:\/\/cerdanyolach.cat\/hockey\/wp-content\/uploads\/2024\/06\/FOTO-PER-JUGADORS-A-LA-WEB-1.png\" rel=\"lightbox[19729]\"><img loading=\"lazy\" decoding=\"async\" width=\"200\" height=\"260\" src=\"https:\/\/cerdanyolach.cat\/hockey\/wp-content\/uploads\/2024\/06\/FOTO-PER-JUGADORS-A-LA-WEB-1.png\" alt=\"\" class=\"wp-image-19766\" style=\"object-fit:cover;width:200px;height:260px\"\/><\/a><figcaption class=\"wp-element-caption\">#37 \u00c1lvaro Gim\u00e9nez Admirable<\/figcaption><\/figure>\n<\/div>\n\n<div class=\"wp-block-image\">\n<figure class=\"alignleft size-full is-resized\"><a href=\"https:\/\/cerdanyolach.cat\/hockey\/wp-content\/uploads\/2024\/06\/FOTO-PER-JUGADORS-A-LA-WEB-3.png\" rel=\"lightbox[19729]\"><img loading=\"lazy\" decoding=\"async\" width=\"200\" height=\"260\" src=\"https:\/\/cerdanyolach.cat\/hockey\/wp-content\/uploads\/2024\/06\/FOTO-PER-JUGADORS-A-LA-WEB-3.png\" alt=\"\" class=\"wp-image-19768\" style=\"object-fit:cover;width:200px;height:260px\"\/><\/a><figcaption class=\"wp-element-caption\">#62 Marc Ram\u00edrez Camps <\/figcaption><\/figure>\n<\/div>\n\n<div class=\"wp-block-image\">\n<figure class=\"alignleft size-full is-resized\"><a href=\"https:\/\/cerdanyolach.cat\/hockey\/wp-content\/uploads\/2024\/06\/FOTO-PER-JUGADORS-A-LA-WEB-6.png\" rel=\"lightbox[19729]\"><img loading=\"lazy\" decoding=\"async\" width=\"200\" height=\"260\" src=\"https:\/\/cerdanyolach.cat\/hockey\/wp-content\/uploads\/2024\/06\/FOTO-PER-JUGADORS-A-LA-WEB-6.png\" alt=\"\" class=\"wp-image-19776\" style=\"width:200px;height:auto\"\/><\/a><figcaption class=\"wp-element-caption\">#63 David Ram\u00edrez Camps<\/figcaption><\/figure>\n<\/div>\n\n<div class=\"wp-block-image\">\n<figure class=\"alignleft size-full\"><a href=\"https:\/\/cerdanyolach.cat\/hockey\/wp-content\/uploads\/2024\/06\/FOTO-PER-JUGADORS-A-LA-WEB-4-5.png\" rel=\"lightbox[19729]\"><img loading=\"lazy\" decoding=\"async\" width=\"200\" height=\"260\" src=\"https:\/\/cerdanyolach.cat\/hockey\/wp-content\/uploads\/2024\/06\/FOTO-PER-JUGADORS-A-LA-WEB-4-5.png\" alt=\"\" class=\"wp-image-20055\"\/><\/a><figcaption class=\"wp-element-caption\">#81 Guille de Moya<\/figcaption><\/figure>\n<\/div>\n\n<div class=\"wp-block-image\">\n<figure class=\"alignleft size-full is-resized\"><a href=\"https:\/\/cerdanyolach.cat\/hockey\/wp-content\/uploads\/2024\/06\/FOTO-PER-JUGADORS-A-LA-WEB-7-2.png\" rel=\"lightbox[19729]\"><img loading=\"lazy\" decoding=\"async\" width=\"200\" height=\"260\" src=\"https:\/\/cerdanyolach.cat\/hockey\/wp-content\/uploads\/2024\/06\/FOTO-PER-JUGADORS-A-LA-WEB-7-2.png\" alt=\"\" class=\"wp-image-20056\" style=\"width:199px;height:auto\"\/><\/a><figcaption class=\"wp-element-caption\">Abel Moya<\/figcaption><\/figure>\n<\/div>\n\n<div class=\"wp-block-image\">\n<figure class=\"alignleft size-full\"><a href=\"https:\/\/cerdanyolach.cat\/hockey\/wp-content\/uploads\/2024\/06\/FOTO-PER-JUGADORS-A-LA-WEB-13.png\" rel=\"lightbox[19729]\"><img loading=\"lazy\" decoding=\"async\" width=\"200\" height=\"260\" src=\"https:\/\/cerdanyolach.cat\/hockey\/wp-content\/uploads\/2024\/06\/FOTO-PER-JUGADORS-A-LA-WEB-13.png\" alt=\"\" class=\"wp-image-20051\"\/><\/a><figcaption class=\"wp-element-caption\">Adri\u00e1n Gal\u00e1n<\/figcaption><\/figure>\n<\/div>\n\n\n\n","protected":false},"excerpt":{"rendered":"","protected":false},"author":1,"featured_media":0,"parent":0,"menu_order":0,"comment_status":"closed","ping_status":"closed","template":"","meta":{"spay_email":"","footnotes":""},"class_list":["post-19729","page","type-page","status-publish","hentry"],"_links":{"self":[{"href":"https:\/\/cerdanyolach.cat\/hockey\/wp-json\/wp\/v2\/pages\/19729","targetHints":{"allow":["GET"]}}],"collection":[{"href":"https:\/\/cerdanyolach.cat\/hockey\/wp-json\/wp\/v2\/pages"}],"about":[{"href":"https:\/\/cerdanyolach.cat\/hockey\/wp-json\/wp\/v2\/types\/page"}],"author":[{"embeddable":true,"href":"https:\/\/cerdanyolach.cat\/hockey\/wp-json\/wp\/v2\/users\/1"}],"replies":[{"embeddable":true,"href":"https:\/\/cerdanyolach.cat\/hockey\/wp-json\/wp\/v2\/comments?post=19729"}],"version-history":[{"count":38,"href":"https:\/\/cerdanyolach.cat\/hockey\/wp-json\/wp\/v2\/pages\/19729\/revisions"}],"predecessor-version":[{"id":20058,"href":"https:\/\/cerdanyolach.cat\/hockey\/wp-json\/wp\/v2\/pages\/19729\/revisions\/20058"}],"wp:attachment":[{"href":"https:\/\/cerdanyolach.cat\/hockey\/wp-json\/wp\/v2\/media?parent=19729"}],"curies":[{"name":"wp","href":"https:\/\/api.w.org\/{rel}","templated":true}]}}