{"id":19654,"date":"2024-05-31T16:32:44","date_gmt":"2024-05-31T14:32:44","guid":{"rendered":"https:\/\/cerdanyolach.cat\/hockey\/?page_id=19654"},"modified":"2024-06-04T13:49:58","modified_gmt":"2024-06-04T11:49:58","slug":"temporada-2023-24-2","status":"publish","type":"page","link":"https:\/\/cerdanyolach.cat\/hockey\/temporada-2023-24-2\/","title":{"rendered":"Temporada 2023-24"},"content":{"rendered":"\n\n\n<div class=\"wp-block-columns is-layout-flex wp-container-core-columns-is-layout-9d6595d7 wp-block-columns-is-layout-flex\">\n<div class=\"wp-block-column is-layout-flow wp-block-column-is-layout-flow\">\n<figure class=\"wp-block-image size-large is-resized\"><a href=\"https:\/\/cerdanyolach.cat\/hockey\/wp-content\/uploads\/2024\/06\/NCAT-FEM.png\" rel=\"lightbox[19654]\"><img fetchpriority=\"high\" decoding=\"async\" width=\"800\" height=\"496\" src=\"https:\/\/cerdanyolach.cat\/hockey\/wp-content\/uploads\/2024\/06\/NCAT-FEM-800x496.png\" alt=\"\" class=\"wp-image-19844\" style=\"object-fit:cover;width:380px;height:280px\" srcset=\"https:\/\/cerdanyolach.cat\/hockey\/wp-content\/uploads\/2024\/06\/NCAT-FEM-800x496.png 800w, https:\/\/cerdanyolach.cat\/hockey\/wp-content\/uploads\/2024\/06\/NCAT-FEM-450x279.png 450w, https:\/\/cerdanyolach.cat\/hockey\/wp-content\/uploads\/2024\/06\/NCAT-FEM-768x476.png 768w, https:\/\/cerdanyolach.cat\/hockey\/wp-content\/uploads\/2024\/06\/NCAT-FEM.png 1000w\" sizes=\"(max-width: 800px) 100vw, 800px\" \/><\/a><figcaption class=\"wp-element-caption\"><strong><span style=\"text-decoration: underline;\">NACIONAL CATALANA FEMEN\u00cd<br \/><\/span><\/strong>Ariadna Carri\u00f3n, J\u00falia Birbe, Ana Valverde, Carla Castro,<br \/>Ines Gaiveu, Ainhoa Shmidt, J\u00falia Cabr\u00e9, Gore Paredes i <br \/>Sigrid Aparicio<\/figcaption><\/figure>\n\n\n\n<hr class=\"wp-block-separator has-alpha-channel-opacity\"\/>\n\n\n\n<figure class=\"wp-block-image size-large is-resized\"><a href=\"https:\/\/cerdanyolach.cat\/hockey\/wp-content\/uploads\/2024\/06\/juvenil-1.png\" rel=\"lightbox[19654]\"><img decoding=\"async\" width=\"800\" height=\"534\" src=\"https:\/\/cerdanyolach.cat\/hockey\/wp-content\/uploads\/2024\/06\/juvenil-1-800x534.png\" alt=\"\" class=\"wp-image-19850\" style=\"object-fit:cover;width:380px;height:280px\" srcset=\"https:\/\/cerdanyolach.cat\/hockey\/wp-content\/uploads\/2024\/06\/juvenil-1-800x534.png 800w, https:\/\/cerdanyolach.cat\/hockey\/wp-content\/uploads\/2024\/06\/juvenil-1-450x300.png 450w, https:\/\/cerdanyolach.cat\/hockey\/wp-content\/uploads\/2024\/06\/juvenil-1-150x100.png 150w, https:\/\/cerdanyolach.cat\/hockey\/wp-content\/uploads\/2024\/06\/juvenil-1-768x512.png 768w, https:\/\/cerdanyolach.cat\/hockey\/wp-content\/uploads\/2024\/06\/juvenil-1.png 1000w\" sizes=\"(max-width: 800px) 100vw, 800px\" \/><\/a><figcaption class=\"wp-element-caption\"><strong><span style=\"text-decoration: underline;\">JUVENIL<br \/><\/span><\/strong>Jon Mi\u00f1arro, Mart\u00ed Capilla, Mart\u00ed Egea, H\u00e9ctor Cabezas, <br \/>David Cullell, Oriol Sallent, Alex Sanchez, Arnau Horcas, <br \/>Pol Rodr\u00edguez, Adri\u00e0 Arco<\/figcaption><\/figure>\n\n\n\n<hr class=\"wp-block-separator has-alpha-channel-opacity\"\/>\n\n\n\n<figure class=\"wp-block-image size-large is-resized\"><a href=\"https:\/\/cerdanyolach.cat\/hockey\/wp-content\/uploads\/2024\/06\/FEM-15.png\" rel=\"lightbox[19654]\"><img decoding=\"async\" width=\"800\" height=\"534\" src=\"https:\/\/cerdanyolach.cat\/hockey\/wp-content\/uploads\/2024\/06\/FEM-15-800x534.png\" alt=\"\" class=\"wp-image-19852\" style=\"object-fit:cover;width:380px;height:280px\" srcset=\"https:\/\/cerdanyolach.cat\/hockey\/wp-content\/uploads\/2024\/06\/FEM-15-800x534.png 800w, https:\/\/cerdanyolach.cat\/hockey\/wp-content\/uploads\/2024\/06\/FEM-15-450x300.png 450w, https:\/\/cerdanyolach.cat\/hockey\/wp-content\/uploads\/2024\/06\/FEM-15-150x100.png 150w, https:\/\/cerdanyolach.cat\/hockey\/wp-content\/uploads\/2024\/06\/FEM-15-768x512.png 768w, https:\/\/cerdanyolach.cat\/hockey\/wp-content\/uploads\/2024\/06\/FEM-15.png 1000w\" sizes=\"(max-width: 800px) 100vw, 800px\" \/><\/a><figcaption class=\"wp-element-caption\"><strong><span style=\"text-decoration: underline;\">FEM 15<\/span><\/strong><br \/>Marleen Fierens, Maria Vega, Laia Prat, Maria Birbe, <br \/>Alba Ramos, Martina Ca\u00f1abate, Mariona Fern\u00e0ndez, <br \/>Nora Herrera, Hannah Pi\u00f1ero i Vicky Mir<br \/><\/figcaption><\/figure>\n\n\n\n<hr class=\"wp-block-separator has-alpha-channel-opacity\"\/>\n\n\n\n<figure class=\"wp-block-image size-large is-resized\"><a href=\"https:\/\/cerdanyolach.cat\/hockey\/wp-content\/uploads\/2024\/06\/INFANTIL-B.png\" rel=\"lightbox[19654]\"><img loading=\"lazy\" decoding=\"async\" width=\"800\" height=\"534\" src=\"https:\/\/cerdanyolach.cat\/hockey\/wp-content\/uploads\/2024\/06\/INFANTIL-B-800x534.png\" alt=\"\" class=\"wp-image-19854\" style=\"object-fit:cover;width:380px;height:280px\" srcset=\"https:\/\/cerdanyolach.cat\/hockey\/wp-content\/uploads\/2024\/06\/INFANTIL-B-800x534.png 800w, https:\/\/cerdanyolach.cat\/hockey\/wp-content\/uploads\/2024\/06\/INFANTIL-B-450x300.png 450w, https:\/\/cerdanyolach.cat\/hockey\/wp-content\/uploads\/2024\/06\/INFANTIL-B-150x100.png 150w, https:\/\/cerdanyolach.cat\/hockey\/wp-content\/uploads\/2024\/06\/INFANTIL-B-768x512.png 768w, https:\/\/cerdanyolach.cat\/hockey\/wp-content\/uploads\/2024\/06\/INFANTIL-B.png 1000w\" sizes=\"(max-width: 800px) 100vw, 800px\" \/><\/a><figcaption class=\"wp-element-caption\"><strong><span style=\"text-decoration: underline;\">INFANTIL B<\/span><\/strong><br \/>Adri\u00e0 Sanz, Marleen Fierenz, Carlos Longueira, <br \/>Guillem Alfonso, Sergio Montalvez, <br \/>Eric Ag\u00fcera i Maria Birbe <strong><span style=\"text-decoration: underline;\"><br \/><\/span><\/strong><\/figcaption><\/figure>\n\n\n\n<hr class=\"wp-block-separator has-alpha-channel-opacity\"\/>\n\n\n\n<figure class=\"wp-block-image size-large is-resized\"><a href=\"https:\/\/cerdanyolach.cat\/hockey\/wp-content\/uploads\/2024\/06\/INFANTIL-D.png\" rel=\"lightbox[19654]\"><img loading=\"lazy\" decoding=\"async\" width=\"800\" height=\"534\" src=\"https:\/\/cerdanyolach.cat\/hockey\/wp-content\/uploads\/2024\/06\/INFANTIL-D-800x534.png\" alt=\"\" class=\"wp-image-19856\" style=\"object-fit:cover;width:380px;height:280px\" srcset=\"https:\/\/cerdanyolach.cat\/hockey\/wp-content\/uploads\/2024\/06\/INFANTIL-D-800x534.png 800w, https:\/\/cerdanyolach.cat\/hockey\/wp-content\/uploads\/2024\/06\/INFANTIL-D-450x300.png 450w, https:\/\/cerdanyolach.cat\/hockey\/wp-content\/uploads\/2024\/06\/INFANTIL-D-150x100.png 150w, https:\/\/cerdanyolach.cat\/hockey\/wp-content\/uploads\/2024\/06\/INFANTIL-D-768x512.png 768w, https:\/\/cerdanyolach.cat\/hockey\/wp-content\/uploads\/2024\/06\/INFANTIL-D.png 1000w\" sizes=\"(max-width: 800px) 100vw, 800px\" \/><\/a><figcaption class=\"wp-element-caption\"><strong><span style=\"text-decoration: underline;\">INFANTIL D<\/span><br \/><\/strong>Quim Masdeu, Joan Avila, <br \/>Sergio Navarro, Pau Tous i <br \/>Maria Vega<span style=\"text-decoration: underline;\"><br \/><\/span><\/figcaption><\/figure>\n\n\n\n<hr class=\"wp-block-separator has-alpha-channel-opacity\"\/>\n\n\n\n<figure class=\"wp-block-image size-large is-resized\"><a href=\"https:\/\/cerdanyolach.cat\/hockey\/wp-content\/uploads\/2024\/06\/ALEVI-B.png\" rel=\"lightbox[19654]\"><img loading=\"lazy\" decoding=\"async\" width=\"800\" height=\"534\" src=\"https:\/\/cerdanyolach.cat\/hockey\/wp-content\/uploads\/2024\/06\/ALEVI-B-800x534.png\" alt=\"\" class=\"wp-image-19858\" style=\"object-fit:cover;width:380px;height:280px\" srcset=\"https:\/\/cerdanyolach.cat\/hockey\/wp-content\/uploads\/2024\/06\/ALEVI-B-800x534.png 800w, https:\/\/cerdanyolach.cat\/hockey\/wp-content\/uploads\/2024\/06\/ALEVI-B-450x300.png 450w, https:\/\/cerdanyolach.cat\/hockey\/wp-content\/uploads\/2024\/06\/ALEVI-B-150x100.png 150w, https:\/\/cerdanyolach.cat\/hockey\/wp-content\/uploads\/2024\/06\/ALEVI-B-768x512.png 768w, https:\/\/cerdanyolach.cat\/hockey\/wp-content\/uploads\/2024\/06\/ALEVI-B.png 1000w\" sizes=\"(max-width: 800px) 100vw, 800px\" \/><\/a><figcaption class=\"wp-element-caption\"><strong><span style=\"text-decoration: underline;\">ALEV\u00cd B <\/span><\/strong>\u00a0<br \/>Maria P\u00e9rez, \u00c0lex Cambr\u00f3n, Eudald Gil, Mariona Fern\u00e0ndez, <br \/>Hannah Pi\u00f1ero, Nora Herrera, Luis Tejero i <br \/>Victoria Mir<br \/><\/figcaption><\/figure>\n\n\n\n<hr class=\"wp-block-separator has-alpha-channel-opacity\"\/>\n\n\n\n<figure class=\"wp-block-image size-large is-resized\"><a href=\"https:\/\/cerdanyolach.cat\/hockey\/wp-content\/uploads\/2024\/06\/ALEVI-D-2-800x534.png\" rel=\"lightbox[19654]\"><img loading=\"lazy\" decoding=\"async\" width=\"800\" height=\"534\" src=\"https:\/\/cerdanyolach.cat\/hockey\/wp-content\/uploads\/2024\/06\/ALEVI-D-2-800x534.png\" alt=\"\" class=\"wp-image-19878\" style=\"object-fit:cover;width:380px;height:280px\" srcset=\"https:\/\/cerdanyolach.cat\/hockey\/wp-content\/uploads\/2024\/06\/ALEVI-D-2-800x534.png 800w, https:\/\/cerdanyolach.cat\/hockey\/wp-content\/uploads\/2024\/06\/ALEVI-D-2-450x300.png 450w, https:\/\/cerdanyolach.cat\/hockey\/wp-content\/uploads\/2024\/06\/ALEVI-D-2-150x100.png 150w, https:\/\/cerdanyolach.cat\/hockey\/wp-content\/uploads\/2024\/06\/ALEVI-D-2-768x512.png 768w, https:\/\/cerdanyolach.cat\/hockey\/wp-content\/uploads\/2024\/06\/ALEVI-D-2.png 1000w\" sizes=\"(max-width: 800px) 100vw, 800px\" \/><\/a><figcaption class=\"wp-element-caption\"><strong><span style=\"text-decoration: underline;\">ALEV\u00cd D\u00a0<\/span><\/strong><br \/>Vega Motserrate, Gerard Cabut\u00ed, Ferran Guzman, Jon Bada, <br \/>Alvaro Jimenez, Hector Velasco, Mart\u00ed Navarro i <br \/>Biel Corominas<br \/><\/figcaption><\/figure>\n\n\n\n<hr class=\"wp-block-separator has-alpha-channel-opacity\"\/>\n\n\n\n<figure class=\"wp-block-image size-large is-resized\"><a href=\"https:\/\/cerdanyolach.cat\/hockey\/wp-content\/uploads\/2024\/06\/BENJAMI-A-3.png\" rel=\"lightbox[19654]\"><img loading=\"lazy\" decoding=\"async\" width=\"800\" height=\"534\" src=\"https:\/\/cerdanyolach.cat\/hockey\/wp-content\/uploads\/2024\/06\/BENJAMI-A-3-800x534.png\" alt=\"\" class=\"wp-image-19887\" style=\"aspect-ratio:1.3571428571428572;object-fit:cover;width:380px;height:auto\" srcset=\"https:\/\/cerdanyolach.cat\/hockey\/wp-content\/uploads\/2024\/06\/BENJAMI-A-3-800x534.png 800w, https:\/\/cerdanyolach.cat\/hockey\/wp-content\/uploads\/2024\/06\/BENJAMI-A-3-450x300.png 450w, https:\/\/cerdanyolach.cat\/hockey\/wp-content\/uploads\/2024\/06\/BENJAMI-A-3-150x100.png 150w, https:\/\/cerdanyolach.cat\/hockey\/wp-content\/uploads\/2024\/06\/BENJAMI-A-3-768x512.png 768w, https:\/\/cerdanyolach.cat\/hockey\/wp-content\/uploads\/2024\/06\/BENJAMI-A-3.png 1000w\" sizes=\"(max-width: 800px) 100vw, 800px\" \/><\/a><figcaption class=\"wp-element-caption\"><strong><span style=\"text-decoration: underline;\">BENJAM\u00cd A<\/span><\/strong><br \/>Luna Ginesta, Victor Ruiz, Joel Longueira, <br \/>Gael Miranda, Roger Ribas i <br \/>Luna Campor<strong><span style=\"text-decoration: underline;\"><br \/><\/span><\/strong><\/figcaption><\/figure>\n\n\n\n<hr class=\"wp-block-separator has-alpha-channel-opacity\"\/>\n\n\n\n<figure class=\"wp-block-image size-large is-resized\"><a href=\"https:\/\/cerdanyolach.cat\/hockey\/wp-content\/uploads\/2024\/06\/BENJAMI-C-2.png\" rel=\"lightbox[19654]\"><img loading=\"lazy\" decoding=\"async\" width=\"800\" height=\"534\" src=\"https:\/\/cerdanyolach.cat\/hockey\/wp-content\/uploads\/2024\/06\/BENJAMI-C-2-800x534.png\" alt=\"\" class=\"wp-image-19921\" style=\"aspect-ratio:1.3571428571428572;object-fit:cover;width:380px;height:auto\" srcset=\"https:\/\/cerdanyolach.cat\/hockey\/wp-content\/uploads\/2024\/06\/BENJAMI-C-2-800x534.png 800w, https:\/\/cerdanyolach.cat\/hockey\/wp-content\/uploads\/2024\/06\/BENJAMI-C-2-450x300.png 450w, https:\/\/cerdanyolach.cat\/hockey\/wp-content\/uploads\/2024\/06\/BENJAMI-C-2-150x100.png 150w, https:\/\/cerdanyolach.cat\/hockey\/wp-content\/uploads\/2024\/06\/BENJAMI-C-2-768x512.png 768w, https:\/\/cerdanyolach.cat\/hockey\/wp-content\/uploads\/2024\/06\/BENJAMI-C-2.png 1000w\" sizes=\"(max-width: 800px) 100vw, 800px\" \/><\/a><figcaption class=\"wp-element-caption\"><strong><span style=\"text-decoration: underline;\">BENJAM\u00cd C<\/span><\/strong><br \/>Victoria Ros, Pol Garriga, Ian Cambr\u00f3n, <br \/>Mia Hern\u00e1ndez, Izan Gato i<br \/> Luai Badaoui<strong><span style=\"text-decoration: underline;\"><br \/><\/span><\/strong><\/figcaption><\/figure>\n\n\n\n<hr class=\"wp-block-separator has-alpha-channel-opacity\"\/>\n\n\n\n<figure class=\"wp-block-image size-large is-resized\"><a href=\"https:\/\/cerdanyolach.cat\/hockey\/wp-content\/uploads\/2024\/06\/FEM-13-B-2.png\" rel=\"lightbox[19654]\"><img loading=\"lazy\" decoding=\"async\" width=\"800\" height=\"534\" src=\"https:\/\/cerdanyolach.cat\/hockey\/wp-content\/uploads\/2024\/06\/FEM-13-B-2-800x534.png\" alt=\"\" class=\"wp-image-19923\" style=\"aspect-ratio:1.3571428571428572;object-fit:cover;width:380px;height:auto\" srcset=\"https:\/\/cerdanyolach.cat\/hockey\/wp-content\/uploads\/2024\/06\/FEM-13-B-2-800x534.png 800w, https:\/\/cerdanyolach.cat\/hockey\/wp-content\/uploads\/2024\/06\/FEM-13-B-2-450x300.png 450w, https:\/\/cerdanyolach.cat\/hockey\/wp-content\/uploads\/2024\/06\/FEM-13-B-2-150x100.png 150w, https:\/\/cerdanyolach.cat\/hockey\/wp-content\/uploads\/2024\/06\/FEM-13-B-2-768x512.png 768w, https:\/\/cerdanyolach.cat\/hockey\/wp-content\/uploads\/2024\/06\/FEM-13-B-2.png 1000w\" sizes=\"(max-width: 800px) 100vw, 800px\" \/><\/a><figcaption class=\"wp-element-caption\"><strong><span style=\"text-decoration: underline;\">FEM 13 B<\/span><\/strong><br \/>Luna Ginesta, Ivet Birbe, Leire Aibar, <br \/>Jana Tomas, Laia L\u00f3pez, Lucia Calder\u00f3n i <br \/>Eva Ripoll\u00e8s<strong><span style=\"text-decoration: underline;\"><br \/><\/span><\/strong><\/figcaption><\/figure>\n\n\n\n<hr class=\"wp-block-separator has-alpha-channel-opacity\"\/>\n\n\n\n<figure class=\"wp-block-image size-large is-resized\"><a href=\"https:\/\/cerdanyolach.cat\/hockey\/wp-content\/uploads\/2024\/06\/PREBE-A.png\" rel=\"lightbox[19654]\"><img loading=\"lazy\" decoding=\"async\" width=\"800\" height=\"534\" src=\"https:\/\/cerdanyolach.cat\/hockey\/wp-content\/uploads\/2024\/06\/PREBE-A-800x534.png\" alt=\"\" class=\"wp-image-19932\" style=\"aspect-ratio:1.3571428571428572;object-fit:cover;width:380px;height:auto\" srcset=\"https:\/\/cerdanyolach.cat\/hockey\/wp-content\/uploads\/2024\/06\/PREBE-A-800x534.png 800w, https:\/\/cerdanyolach.cat\/hockey\/wp-content\/uploads\/2024\/06\/PREBE-A-450x300.png 450w, https:\/\/cerdanyolach.cat\/hockey\/wp-content\/uploads\/2024\/06\/PREBE-A-150x100.png 150w, https:\/\/cerdanyolach.cat\/hockey\/wp-content\/uploads\/2024\/06\/PREBE-A-768x512.png 768w, https:\/\/cerdanyolach.cat\/hockey\/wp-content\/uploads\/2024\/06\/PREBE-A.png 1000w\" sizes=\"(max-width: 800px) 100vw, 800px\" \/><\/a><figcaption class=\"wp-element-caption\"><strong><span style=\"text-decoration: underline;\">PREBENJAM\u00cd A<\/span><\/strong><br \/>Martina Vivancos, Rus Velasco, Ivet Esteve, <br \/>Blanca Vega, Martina Montalvez, Arlet Mir, <br \/>Arlet Cullell i Lucia del Ministro<strong><span style=\"text-decoration: underline;\"><br \/><\/span><\/strong><\/figcaption><\/figure>\n\n\n\n<hr class=\"wp-block-separator has-alpha-channel-opacity\"\/>\n\n\n\n<figure class=\"wp-block-image size-large is-resized\"><a href=\"https:\/\/cerdanyolach.cat\/hockey\/wp-content\/uploads\/2024\/06\/PREBE-C.png\" rel=\"lightbox[19654]\"><img loading=\"lazy\" decoding=\"async\" width=\"800\" height=\"534\" src=\"https:\/\/cerdanyolach.cat\/hockey\/wp-content\/uploads\/2024\/06\/PREBE-C-800x534.png\" alt=\"\" class=\"wp-image-19934\" style=\"aspect-ratio:1.3571428571428572;object-fit:cover;width:380px;height:auto\" srcset=\"https:\/\/cerdanyolach.cat\/hockey\/wp-content\/uploads\/2024\/06\/PREBE-C-800x534.png 800w, https:\/\/cerdanyolach.cat\/hockey\/wp-content\/uploads\/2024\/06\/PREBE-C-450x300.png 450w, https:\/\/cerdanyolach.cat\/hockey\/wp-content\/uploads\/2024\/06\/PREBE-C-150x100.png 150w, https:\/\/cerdanyolach.cat\/hockey\/wp-content\/uploads\/2024\/06\/PREBE-C-768x512.png 768w, https:\/\/cerdanyolach.cat\/hockey\/wp-content\/uploads\/2024\/06\/PREBE-C.png 1000w\" sizes=\"(max-width: 800px) 100vw, 800px\" \/><\/a><figcaption class=\"wp-element-caption\"><strong><span style=\"text-decoration: underline;\">PREBENJAM\u00cd C<br \/><\/span><\/strong>Maxim Tarres, Mart\u00ed Chacon, Tai Fernando, H\u00e9ctor Perez, <br \/>Alex del Amo, Manuel Serrano, Einar Ruiz, <br \/>Biel Ugartondo i Albert Solana <br \/><\/figcaption><\/figure>\n<\/div>\n\n\n\n<div class=\"wp-block-column is-layout-flow wp-block-column-is-layout-flow\">\n<figure class=\"wp-block-image size-large is-resized\"><a href=\"https:\/\/cerdanyolach.cat\/hockey\/wp-content\/uploads\/2024\/06\/JUNIOR-1.png\" rel=\"lightbox[19654]\"><img loading=\"lazy\" decoding=\"async\" width=\"800\" height=\"512\" src=\"https:\/\/cerdanyolach.cat\/hockey\/wp-content\/uploads\/2024\/06\/JUNIOR-1-800x512.png\" alt=\"\" class=\"wp-image-19849\" style=\"object-fit:cover;width:380px;height:280px\" srcset=\"https:\/\/cerdanyolach.cat\/hockey\/wp-content\/uploads\/2024\/06\/JUNIOR-1-800x512.png 800w, https:\/\/cerdanyolach.cat\/hockey\/wp-content\/uploads\/2024\/06\/JUNIOR-1-450x288.png 450w, https:\/\/cerdanyolach.cat\/hockey\/wp-content\/uploads\/2024\/06\/JUNIOR-1-768x492.png 768w, https:\/\/cerdanyolach.cat\/hockey\/wp-content\/uploads\/2024\/06\/JUNIOR-1.png 1000w\" sizes=\"(max-width: 800px) 100vw, 800px\" \/><\/a><figcaption class=\"wp-element-caption\"><strong><span style=\"text-decoration: underline;\"><strong><span style=\"text-decoration: underline;\">J\u00daNIOR<br \/><\/span><\/strong><\/span><\/strong>Alex Aguilar, Guille de Moya, Xavi Alonso, Agus Ripoll\u00e9s, <br \/>Sergi Aguilar, Dar\u00edo Tapia, Yeray \u00c1lvarez i <br \/>H\u00e9ctor Cabezas. <strong><span style=\"text-decoration: underline;\"><br \/><\/span><\/strong><\/figcaption><\/figure>\n\n\n\n<hr class=\"wp-block-separator has-alpha-channel-opacity\"\/>\n\n\n\n<figure class=\"wp-block-image size-large is-resized\"><a href=\"https:\/\/cerdanyolach.cat\/hockey\/wp-content\/uploads\/2024\/06\/1aCAT-FEM.png\" rel=\"lightbox[19654]\"><img loading=\"lazy\" decoding=\"async\" width=\"800\" height=\"520\" src=\"https:\/\/cerdanyolach.cat\/hockey\/wp-content\/uploads\/2024\/06\/1aCAT-FEM-800x520.png\" alt=\"\" class=\"wp-image-19851\" style=\"object-fit:cover;width:380px;height:280px\" srcset=\"https:\/\/cerdanyolach.cat\/hockey\/wp-content\/uploads\/2024\/06\/1aCAT-FEM-800x520.png 800w, https:\/\/cerdanyolach.cat\/hockey\/wp-content\/uploads\/2024\/06\/1aCAT-FEM-450x293.png 450w, https:\/\/cerdanyolach.cat\/hockey\/wp-content\/uploads\/2024\/06\/1aCAT-FEM-768x499.png 768w, https:\/\/cerdanyolach.cat\/hockey\/wp-content\/uploads\/2024\/06\/1aCAT-FEM.png 1000w\" sizes=\"(max-width: 800px) 100vw, 800px\" \/><\/a><figcaption class=\"wp-element-caption\"><strong><span style=\"text-decoration: underline;\">PRIMERA CATALANA FEMEN\u00cd<\/span><\/strong><br \/>Ainhoa Shmidt, Tania Alonso, Irina Lopez, Txell Dilm\u00e9, <br \/>Julia Barrera, Txell Mora, Noa Piqueras, Mar Pont, <br \/>In\u00e9s H\u00fcrlimann i Mariona Ca\u00f1abate<strong><br \/><\/strong><\/figcaption><\/figure>\n\n\n\n<hr class=\"wp-block-separator has-alpha-channel-opacity\"\/>\n\n\n\n<figure class=\"wp-block-image size-large is-resized\"><a href=\"https:\/\/cerdanyolach.cat\/hockey\/wp-content\/uploads\/2024\/06\/INFANTIL-A.png\" rel=\"lightbox[19654]\"><img loading=\"lazy\" decoding=\"async\" width=\"800\" height=\"534\" src=\"https:\/\/cerdanyolach.cat\/hockey\/wp-content\/uploads\/2024\/06\/INFANTIL-A-800x534.png\" alt=\"\" class=\"wp-image-19853\" style=\"aspect-ratio:1.3571428571428572;object-fit:cover;width:380px;height:auto\" srcset=\"https:\/\/cerdanyolach.cat\/hockey\/wp-content\/uploads\/2024\/06\/INFANTIL-A-800x534.png 800w, https:\/\/cerdanyolach.cat\/hockey\/wp-content\/uploads\/2024\/06\/INFANTIL-A-450x300.png 450w, https:\/\/cerdanyolach.cat\/hockey\/wp-content\/uploads\/2024\/06\/INFANTIL-A-150x100.png 150w, https:\/\/cerdanyolach.cat\/hockey\/wp-content\/uploads\/2024\/06\/INFANTIL-A-768x512.png 768w, https:\/\/cerdanyolach.cat\/hockey\/wp-content\/uploads\/2024\/06\/INFANTIL-A.png 1000w\" sizes=\"(max-width: 800px) 100vw, 800px\" \/><\/a><figcaption class=\"wp-element-caption\"><span style=\"text-decoration: underline;\"><strong>INFANTIL A<\/strong><\/span><br \/>Pol Vilagut, Pau Balat, Samuel Parent, <br \/>Jorge P\u00e9rez, Marc Capilla i <br \/>Cesc Delgado<span style=\"text-decoration: underline;\"><strong><br \/><\/strong><\/span><\/figcaption><\/figure>\n\n\n\n<hr class=\"wp-block-separator has-alpha-channel-opacity\"\/>\n\n\n\n<figure class=\"wp-block-image size-large is-resized\"><a href=\"https:\/\/cerdanyolach.cat\/hockey\/wp-content\/uploads\/2024\/06\/INFANTIL-C.png\" rel=\"lightbox[19654]\"><img loading=\"lazy\" decoding=\"async\" width=\"800\" height=\"534\" src=\"https:\/\/cerdanyolach.cat\/hockey\/wp-content\/uploads\/2024\/06\/INFANTIL-C-800x534.png\" alt=\"\" class=\"wp-image-19855\" style=\"object-fit:cover;width:380px;height:280px\" srcset=\"https:\/\/cerdanyolach.cat\/hockey\/wp-content\/uploads\/2024\/06\/INFANTIL-C-800x534.png 800w, https:\/\/cerdanyolach.cat\/hockey\/wp-content\/uploads\/2024\/06\/INFANTIL-C-450x300.png 450w, https:\/\/cerdanyolach.cat\/hockey\/wp-content\/uploads\/2024\/06\/INFANTIL-C-150x100.png 150w, https:\/\/cerdanyolach.cat\/hockey\/wp-content\/uploads\/2024\/06\/INFANTIL-C-768x512.png 768w, https:\/\/cerdanyolach.cat\/hockey\/wp-content\/uploads\/2024\/06\/INFANTIL-C.png 1000w\" sizes=\"(max-width: 800px) 100vw, 800px\" \/><\/a><figcaption class=\"wp-element-caption\"><strong><span style=\"text-decoration: underline;\">INFANTIL C<\/span><\/strong><br \/>Joel Vilanova, Ot Lopez, Mark Nogueres, <br \/>Alejandro Jimenez, Lucas H\u00fcrliman, <br \/>Martina Ca\u00f1abate i Alba Ramos<br \/><\/figcaption><\/figure>\n\n\n\n<hr class=\"wp-block-separator has-alpha-channel-opacity\"\/>\n\n\n\n<figure class=\"wp-block-image size-large is-resized\"><a href=\"https:\/\/cerdanyolach.cat\/hockey\/wp-content\/uploads\/2024\/06\/ALEVI-A.png\" rel=\"lightbox[19654]\"><img loading=\"lazy\" decoding=\"async\" width=\"800\" height=\"534\" src=\"https:\/\/cerdanyolach.cat\/hockey\/wp-content\/uploads\/2024\/06\/ALEVI-A-800x534.png\" alt=\"\" class=\"wp-image-19857\" style=\"aspect-ratio:1.3571428571428572;object-fit:cover;width:380px;height:auto\" srcset=\"https:\/\/cerdanyolach.cat\/hockey\/wp-content\/uploads\/2024\/06\/ALEVI-A-800x534.png 800w, https:\/\/cerdanyolach.cat\/hockey\/wp-content\/uploads\/2024\/06\/ALEVI-A-450x300.png 450w, https:\/\/cerdanyolach.cat\/hockey\/wp-content\/uploads\/2024\/06\/ALEVI-A-150x100.png 150w, https:\/\/cerdanyolach.cat\/hockey\/wp-content\/uploads\/2024\/06\/ALEVI-A-768x512.png 768w, https:\/\/cerdanyolach.cat\/hockey\/wp-content\/uploads\/2024\/06\/ALEVI-A.png 1000w\" sizes=\"(max-width: 800px) 100vw, 800px\" \/><\/a><figcaption class=\"wp-element-caption\"><strong><\/strong><strong><span style=\"text-decoration: underline;\">ALEV\u00cd A<\/span><\/strong><br \/>Max Pujadas, Quim Fandos, Nil Tous,<br \/>Joel Aibar, Alex Vicente, Jan Castellanos i <br \/>Oriol Forn\u00e9<\/figcaption><\/figure>\n\n\n\n<hr class=\"wp-block-separator has-alpha-channel-opacity\"\/>\n\n\n\n<figure class=\"wp-block-image size-large is-resized\"><a href=\"https:\/\/cerdanyolach.cat\/hockey\/wp-content\/uploads\/2024\/06\/ALEVI-C.png\" rel=\"lightbox[19654]\"><img loading=\"lazy\" decoding=\"async\" width=\"800\" height=\"534\" src=\"https:\/\/cerdanyolach.cat\/hockey\/wp-content\/uploads\/2024\/06\/ALEVI-C-800x534.png\" alt=\"\" class=\"wp-image-19859\" style=\"object-fit:cover;width:380px;height:280px\" srcset=\"https:\/\/cerdanyolach.cat\/hockey\/wp-content\/uploads\/2024\/06\/ALEVI-C-800x534.png 800w, https:\/\/cerdanyolach.cat\/hockey\/wp-content\/uploads\/2024\/06\/ALEVI-C-450x300.png 450w, https:\/\/cerdanyolach.cat\/hockey\/wp-content\/uploads\/2024\/06\/ALEVI-C-150x100.png 150w, https:\/\/cerdanyolach.cat\/hockey\/wp-content\/uploads\/2024\/06\/ALEVI-C-768x512.png 768w, https:\/\/cerdanyolach.cat\/hockey\/wp-content\/uploads\/2024\/06\/ALEVI-C.png 1000w\" sizes=\"(max-width: 800px) 100vw, 800px\" \/><\/a><figcaption class=\"wp-element-caption\"><strong><span style=\"text-decoration: underline;\">ALEV\u00cd C<br \/><\/span><\/strong>Arnau Cortina, H\u00e9ctor Aibar, Leire Aibar, Pol Nogueres, <br \/>Iker Filpo, Jan de Pablo, Eva Ripoll\u00e9s i <br \/>Adri\u00e0 Vivancos<\/figcaption><\/figure>\n\n\n\n<hr class=\"wp-block-separator has-alpha-channel-opacity\"\/>\n\n\n\n<figure class=\"wp-block-image size-large is-resized\"><a href=\"https:\/\/cerdanyolach.cat\/hockey\/wp-content\/uploads\/2024\/06\/ALEVI-E-1-800x534.png\" rel=\"lightbox[19654]\"><img loading=\"lazy\" decoding=\"async\" width=\"800\" height=\"534\" src=\"https:\/\/cerdanyolach.cat\/hockey\/wp-content\/uploads\/2024\/06\/ALEVI-E-1-800x534.png\" alt=\"\" class=\"wp-image-19879\" style=\"object-fit:cover;width:380px;height:280px\" srcset=\"https:\/\/cerdanyolach.cat\/hockey\/wp-content\/uploads\/2024\/06\/ALEVI-E-1-800x534.png 800w, https:\/\/cerdanyolach.cat\/hockey\/wp-content\/uploads\/2024\/06\/ALEVI-E-1-450x300.png 450w, https:\/\/cerdanyolach.cat\/hockey\/wp-content\/uploads\/2024\/06\/ALEVI-E-1-150x100.png 150w, https:\/\/cerdanyolach.cat\/hockey\/wp-content\/uploads\/2024\/06\/ALEVI-E-1-768x512.png 768w, https:\/\/cerdanyolach.cat\/hockey\/wp-content\/uploads\/2024\/06\/ALEVI-E-1.png 1000w\" sizes=\"(max-width: 800px) 100vw, 800px\" \/><\/a><figcaption class=\"wp-element-caption\"><strong><span style=\"text-decoration: underline;\">ALEV\u00cd E<\/span><\/strong><br \/>Rodrigo Bustos, Vinyet Costa, <br \/>Lola Fabregat, Laia L\u00f3pez i <br \/>Lucia Calder\u00f3n <strong><span style=\"text-decoration: underline;\"><br \/><\/span><\/strong><\/figcaption><\/figure>\n\n\n\n<hr class=\"wp-block-separator has-alpha-channel-opacity\"\/>\n\n\n\n<figure class=\"wp-block-image size-large is-resized\"><a href=\"https:\/\/cerdanyolach.cat\/hockey\/wp-content\/uploads\/2024\/06\/BENJAMI-B-1.png\" rel=\"lightbox[19654]\"><img loading=\"lazy\" decoding=\"async\" width=\"800\" height=\"534\" src=\"https:\/\/cerdanyolach.cat\/hockey\/wp-content\/uploads\/2024\/06\/BENJAMI-B-1-800x534.png\" alt=\"\" class=\"wp-image-19881\" style=\"aspect-ratio:1.3571428571428572;object-fit:cover;width:380px;height:auto\" srcset=\"https:\/\/cerdanyolach.cat\/hockey\/wp-content\/uploads\/2024\/06\/BENJAMI-B-1-800x534.png 800w, https:\/\/cerdanyolach.cat\/hockey\/wp-content\/uploads\/2024\/06\/BENJAMI-B-1-450x300.png 450w, https:\/\/cerdanyolach.cat\/hockey\/wp-content\/uploads\/2024\/06\/BENJAMI-B-1-150x100.png 150w, https:\/\/cerdanyolach.cat\/hockey\/wp-content\/uploads\/2024\/06\/BENJAMI-B-1-768x512.png 768w, https:\/\/cerdanyolach.cat\/hockey\/wp-content\/uploads\/2024\/06\/BENJAMI-B-1.png 1000w\" sizes=\"(max-width: 800px) 100vw, 800px\" \/><\/a><figcaption class=\"wp-element-caption\"><strong><span style=\"text-decoration: underline;\">BENJAM\u00cd B<\/span><\/strong><br \/>Carla Rosell\u00f3, Ivet Birbe, <br \/>Marc Rubi\u00f3, Txell Corominas i <br \/>Mart\u00ed Abad<br \/><\/figcaption><\/figure>\n\n\n\n<hr class=\"wp-block-separator has-alpha-channel-opacity\"\/>\n\n\n\n<figure class=\"wp-block-image size-large is-resized\"><a href=\"https:\/\/cerdanyolach.cat\/hockey\/wp-content\/uploads\/2024\/06\/FEM-13-A-2.png\" rel=\"lightbox[19654]\"><img loading=\"lazy\" decoding=\"async\" width=\"800\" height=\"534\" src=\"https:\/\/cerdanyolach.cat\/hockey\/wp-content\/uploads\/2024\/06\/FEM-13-A-2-800x534.png\" alt=\"\" class=\"wp-image-19922\" style=\"aspect-ratio:1.3571428571428572;object-fit:cover;width:380px;height:auto\" srcset=\"https:\/\/cerdanyolach.cat\/hockey\/wp-content\/uploads\/2024\/06\/FEM-13-A-2-800x534.png 800w, https:\/\/cerdanyolach.cat\/hockey\/wp-content\/uploads\/2024\/06\/FEM-13-A-2-450x300.png 450w, https:\/\/cerdanyolach.cat\/hockey\/wp-content\/uploads\/2024\/06\/FEM-13-A-2-150x100.png 150w, https:\/\/cerdanyolach.cat\/hockey\/wp-content\/uploads\/2024\/06\/FEM-13-A-2-768x512.png 768w, https:\/\/cerdanyolach.cat\/hockey\/wp-content\/uploads\/2024\/06\/FEM-13-A-2.png 1000w\" sizes=\"(max-width: 800px) 100vw, 800px\" \/><\/a><figcaption class=\"wp-element-caption\"><strong><span style=\"text-decoration: underline;\">FEM 13 A<\/span><\/strong><br \/>Maria Perez, Hannah Pi\u00f1ero, <br \/>Mariona Fernandez, Nora Herrera, <br \/>Victoria Mir i Eyre Estepa<\/figcaption><\/figure>\n\n\n\n<hr class=\"wp-block-separator has-alpha-channel-opacity\"\/>\n\n\n\n<figure class=\"wp-block-image size-large is-resized\"><a href=\"https:\/\/cerdanyolach.cat\/hockey\/wp-content\/uploads\/2024\/06\/FEM-11-1.png\" rel=\"lightbox[19654]\"><img loading=\"lazy\" decoding=\"async\" width=\"800\" height=\"534\" src=\"https:\/\/cerdanyolach.cat\/hockey\/wp-content\/uploads\/2024\/06\/FEM-11-1-800x534.png\" alt=\"\" class=\"wp-image-19924\" style=\"aspect-ratio:1.3571428571428572;object-fit:cover;width:380px;height:auto\" srcset=\"https:\/\/cerdanyolach.cat\/hockey\/wp-content\/uploads\/2024\/06\/FEM-11-1-800x534.png 800w, https:\/\/cerdanyolach.cat\/hockey\/wp-content\/uploads\/2024\/06\/FEM-11-1-450x300.png 450w, https:\/\/cerdanyolach.cat\/hockey\/wp-content\/uploads\/2024\/06\/FEM-11-1-150x100.png 150w, https:\/\/cerdanyolach.cat\/hockey\/wp-content\/uploads\/2024\/06\/FEM-11-1-768x512.png 768w, https:\/\/cerdanyolach.cat\/hockey\/wp-content\/uploads\/2024\/06\/FEM-11-1.png 1000w\" sizes=\"(max-width: 800px) 100vw, 800px\" \/><\/a><figcaption class=\"wp-element-caption\"><strong><span style=\"text-decoration: underline;\">FEM 11<\/span><\/strong><br \/>Luna Ginesta, Carla Rosello, Mia Hern\u00e1ndez, <br \/>Ivet Birbe, Txell Corominas, Jana Tomas,<br \/>Luna Campor, Ainet Domaica i Martina Vivancos<br \/><\/figcaption><\/figure>\n\n\n\n<hr class=\"wp-block-separator has-alpha-channel-opacity\"\/>\n\n\n\n<figure class=\"wp-block-image size-large is-resized\"><a href=\"https:\/\/cerdanyolach.cat\/hockey\/wp-content\/uploads\/2024\/06\/PREBE-B.png\" rel=\"lightbox[19654]\"><img loading=\"lazy\" decoding=\"async\" width=\"800\" height=\"534\" src=\"https:\/\/cerdanyolach.cat\/hockey\/wp-content\/uploads\/2024\/06\/PREBE-B-800x534.png\" alt=\"\" class=\"wp-image-19933\" style=\"aspect-ratio:1.3571428571428572;object-fit:cover;width:380px;height:auto\" srcset=\"https:\/\/cerdanyolach.cat\/hockey\/wp-content\/uploads\/2024\/06\/PREBE-B-800x534.png 800w, https:\/\/cerdanyolach.cat\/hockey\/wp-content\/uploads\/2024\/06\/PREBE-B-450x300.png 450w, https:\/\/cerdanyolach.cat\/hockey\/wp-content\/uploads\/2024\/06\/PREBE-B-150x100.png 150w, https:\/\/cerdanyolach.cat\/hockey\/wp-content\/uploads\/2024\/06\/PREBE-B-768x512.png 768w, https:\/\/cerdanyolach.cat\/hockey\/wp-content\/uploads\/2024\/06\/PREBE-B.png 1000w\" sizes=\"(max-width: 800px) 100vw, 800px\" \/><\/a><figcaption class=\"wp-element-caption\"><span style=\"text-decoration: underline;\"><strong>PREBENJAM\u00cd B<\/strong><\/span><br \/>Aritz Zubizarreta, Dorian Rustarazo, Josep Vico, <br \/>Marius Simancas, Adri\u00e1n Jim\u00e9nez, \u00c1lvaro G\u00e1mez i <br \/>Ion Campor<\/figcaption><\/figure>\n\n\n\n<hr class=\"wp-block-separator has-alpha-channel-opacity\"\/>\n\n\n\n<figure class=\"wp-block-image size-large is-resized\"><a href=\"https:\/\/cerdanyolach.cat\/hockey\/wp-content\/uploads\/2024\/06\/MINIFEM.png\" rel=\"lightbox[19654]\"><img loading=\"lazy\" decoding=\"async\" width=\"800\" height=\"534\" src=\"https:\/\/cerdanyolach.cat\/hockey\/wp-content\/uploads\/2024\/06\/MINIFEM-800x534.png\" alt=\"\" class=\"wp-image-19935\" style=\"aspect-ratio:1.3571428571428572;object-fit:cover;width:383px;height:auto\" srcset=\"https:\/\/cerdanyolach.cat\/hockey\/wp-content\/uploads\/2024\/06\/MINIFEM-800x534.png 800w, https:\/\/cerdanyolach.cat\/hockey\/wp-content\/uploads\/2024\/06\/MINIFEM-450x300.png 450w, https:\/\/cerdanyolach.cat\/hockey\/wp-content\/uploads\/2024\/06\/MINIFEM-150x100.png 150w, https:\/\/cerdanyolach.cat\/hockey\/wp-content\/uploads\/2024\/06\/MINIFEM-768x512.png 768w, https:\/\/cerdanyolach.cat\/hockey\/wp-content\/uploads\/2024\/06\/MINIFEM.png 1000w\" sizes=\"(max-width: 800px) 100vw, 800px\" \/><\/a><figcaption class=\"wp-element-caption\"><strong><span style=\"text-decoration: underline;\">MINIFEM<\/span><\/strong><br \/>Arlet Cullell, Martina Montalvez, Blanca Vega, <br \/>Rus Velasco, Martina Vivancos i <br \/>Arlet Mir<\/figcaption><\/figure>\n<\/div>\n<\/div>\n\n\n\n<p class=\"has-text-align-center\"><\/p>\n\n\n\n<hr class=\"wp-block-separator has-alpha-channel-opacity\"\/>\n","protected":false},"excerpt":{"rendered":"","protected":false},"author":1,"featured_media":0,"parent":0,"menu_order":0,"comment_status":"closed","ping_status":"closed","template":"","meta":{"spay_email":"","footnotes":""},"class_list":["post-19654","page","type-page","status-publish","hentry"],"_links":{"self":[{"href":"https:\/\/cerdanyolach.cat\/hockey\/wp-json\/wp\/v2\/pages\/19654","targetHints":{"allow":["GET"]}}],"collection":[{"href":"https:\/\/cerdanyolach.cat\/hockey\/wp-json\/wp\/v2\/pages"}],"about":[{"href":"https:\/\/cerdanyolach.cat\/hockey\/wp-json\/wp\/v2\/types\/page"}],"author":[{"embeddable":true,"href":"https:\/\/cerdanyolach.cat\/hockey\/wp-json\/wp\/v2\/users\/1"}],"replies":[{"embeddable":true,"href":"https:\/\/cerdanyolach.cat\/hockey\/wp-json\/wp\/v2\/comments?post=19654"}],"version-history":[{"count":81,"href":"https:\/\/cerdanyolach.cat\/hockey\/wp-json\/wp\/v2\/pages\/19654\/revisions"}],"predecessor-version":[{"id":19945,"href":"https:\/\/cerdanyolach.cat\/hockey\/wp-json\/wp\/v2\/pages\/19654\/revisions\/19945"}],"wp:attachment":[{"href":"https:\/\/cerdanyolach.cat\/hockey\/wp-json\/wp\/v2\/media?parent=19654"}],"curies":[{"name":"wp","href":"https:\/\/api.w.org\/{rel}","templated":true}]}}